{"id":971,"date":"2025-05-20T09:58:04","date_gmt":"2025-05-20T08:58:04","guid":{"rendered":"https:\/\/comiccon.lu\/barrierefreiheit\/"},"modified":"2025-11-28T12:59:22","modified_gmt":"2025-11-28T11:59:22","slug":"barrierefreiheit","status":"publish","type":"page","link":"https:\/\/comiccon.lu\/de\/barrierefreiheit\/","title":{"rendered":"Barrierefreiheit"},"content":{"rendered":"<div class=\"wpb-content-wrapper\"><p>[vc_row row_height_percent=&#8220;0\u2033 override_padding=&#8220;yes&#8220; h_padding=&#8220;2\u2033 top_padding=&#8220;2\u2033 bottom_padding=&#8220;7\u2033 back_color=&#8220;color-vyce&#8220; overlay_alpha=&#8220;50\u2033 gutter_size=&#8220;3\u2033 column_width_percent=&#8220;100\u2033 shift_y=&#8220;0\u2033 z_index=&#8220;0\u2033 content_parallax=&#8220;0\u2033 uncode_shortcode_id=&#8220;155893\u2033 back_color_type=&#8220;uncode-palette&#8220;][vc_column column_width_percent=&#8220;100\u2033 gutter_size=&#8220;2\u2033 style=&#8220;dark&#8220; overlay_alpha=&#8220;50\u2033 shift_x=&#8220;0\u2033 shift_y=&#8220;0\u2033 shift_y_down=&#8220;0\u2033 z_index=&#8220;0\u2033 medium_width=&#8220;0\u2033 mobile_width=&#8220;0\u2033 width=&#8220;1\/1\u2033 uncode_shortcode_id=&#8220;824861\u2033][vc_custom_heading heading_semantic=&#8220;h1\u2033 text_size=&#8220;h1\u2033 uncode_shortcode_id=&#8220;475576\u2033]Barrierefreiheit[\/vc_custom_heading][vc_row_inner row_inner_height_percent=&#8220;0\u2033 overlay_alpha=&#8220;50\u2033 gutter_size=&#8220;3\u2033 shift_y=&#8220;0\u2033 z_index=&#8220;0\u2033 inverted_device_order=&#8220;yes&#8220; uncode_shortcode_id=&#8220;104569\u2033][vc_column_inner column_width_percent=&#8220;100\u2033 gutter_size=&#8220;2\u2033 style=&#8220;dark&#8220; overlay_alpha=&#8220;50\u2033 shift_x=&#8220;0\u2033 shift_y=&#8220;0\u2033 shift_y_down=&#8220;0\u2033 z_index=&#8220;0\u2033 medium_width=&#8220;0\u2033 mobile_width=&#8220;0\u2033 width=&#8220;5\/12\u2033 uncode_shortcode_id=&#8220;128962\u2033][vc_custom_heading uncode_shortcode_id=&#8220;170937\u2033]STANDORT[\/vc_custom_heading][vc_column_text text_lead=&#8220;yes&#8220; uncode_shortcode_id=&#8220;461131\u2033]<mark>LUX EXPO<\/mark><\/p>\n<p>S\u00fcd-Eingang<\/p>\n<p>10, Circuit de la Foire Internationale<br \/>\nL-1347 Luxemburg-Kirchberg<br \/>\nZugang f\u00fcr Personen mit eingeschr\u00e4nkter Mobilit\u00e4t<br \/>\nTel: +352 43 99-1<br \/>\nGratis-WLAN vor Ort[\/vc_column_text][\/vc_column_inner][vc_column_inner width=&#8220;7\/12\u2033][\/vc_column_inner][\/vc_row_inner][vc_empty_space empty_h=&#8220;1\u2033][vc_tabs history=&#8220;yes&#8220; align=&#8220;left&#8220; uncode_shortcode_id=&#8220;378679\u2033][vc_tab gutter_size=&#8220;2\u2033 column_padding=&#8220;2\u2033 title=&#8220;Mit der Stra\u00dfenbahn&#8220; tab_id=&#8220;1742304338-1-271742304658282\u2033 slug=&#8220;By tram&#8220;][vc_row_inner][vc_column_inner column_width_percent=&#8220;100\u2033 gutter_size=&#8220;2\u2033 style=&#8220;dark&#8220; overlay_alpha=&#8220;50\u2033 shift_x=&#8220;0\u2033 shift_y=&#8220;0\u2033 shift_y_down=&#8220;0\u2033 z_index=&#8220;0\u2033 medium_width=&#8220;0\u2033 mobile_width=&#8220;0\u2033 width=&#8220;2\/3\u2033 uncode_shortcode_id=&#8220;510519\u2033][vc_custom_heading heading_semantic=&#8220;h3\u2033 text_size=&#8220;h3\u2033 text_transform=&#8220;uppercase&#8220; uncode_shortcode_id=&#8220;291071\u2033]Mit der Stra\u00dfenbahn[\/vc_custom_heading][vc_column_text uncode_shortcode_id=&#8220;127896\u2033]Das \u00f6ffentliche Verkehrsnetz zur LUXEXPO THE BOX wurde seit der Inbetriebnahme der Luxtram im Jahr 2017 verst\u00e4rkt.<\/p>\n<p>Mit der Stra\u00dfenbahnhaltestelle \u201eLuxexpo\u201c direkt vor den Eing\u00e4ngen des Geb\u00e4udes haben sowohl Teilnehmer als auch Besucher eine zus\u00e4tzliche M\u00f6glichkeit, die LUXEXPO THE BOX zu erreichen.[\/vc_column_text][\/vc_column_inner][vc_column_inner column_width_percent=&#8220;100\u2033 gutter_size=&#8220;2\u2033 overlay_alpha=&#8220;50\u2033 shift_x=&#8220;0\u2033 shift_y=&#8220;0\u2033 shift_y_down=&#8220;0\u2033 z_index=&#8220;0\u2033 medium_visibility=&#8220;yes&#8220; medium_width=&#8220;0\u2033 mobile_visibility=&#8220;yes&#8220; mobile_width=&#8220;0\u2033 width=&#8220;1\/3\u2033 uncode_shortcode_id=&#8220;182128\u2033][\/vc_column_inner][\/vc_row_inner][\/vc_tab][vc_tab gutter_size=&#8220;2\u2033 column_padding=&#8220;2\u2033 title=&#8220;Mit der Bahn&#8220; tab_id=&#8220;1750254002372-3-5\u2033 slug=&#8220;By rail&#8220;][vc_row_inner][vc_column_inner column_width_percent=&#8220;100\u2033 gutter_size=&#8220;2\u2033 style=&#8220;dark&#8220; overlay_alpha=&#8220;50\u2033 shift_x=&#8220;0\u2033 shift_y=&#8220;0\u2033 shift_y_down=&#8220;0\u2033 z_index=&#8220;0\u2033 medium_width=&#8220;0\u2033 mobile_width=&#8220;0\u2033 width=&#8220;2\/3\u2033 uncode_shortcode_id=&#8220;136102\u2033][vc_custom_heading heading_semantic=&#8220;h3\u2033 text_size=&#8220;h3\u2033 text_transform=&#8220;uppercase&#8220; uncode_shortcode_id=&#8220;835482\u2033]Mit der Bahn[\/vc_custom_heading][vc_column_text uncode_shortcode_id=&#8220;207225\u2033]Die LUXEXPO THE BOX ist \u00fcber den nur 7 km entfernten Luxemburger Hauptbahnhof mit allen wichtigen St\u00e4dten der Gro\u00dfregion und dar\u00fcber hinaus verbunden.[\/vc_column_text][\/vc_column_inner][vc_column_inner column_width_percent=&#8220;100\u2033 gutter_size=&#8220;3\u2033 overlay_alpha=&#8220;50\u2033 shift_x=&#8220;0\u2033 shift_y=&#8220;0\u2033 shift_y_down=&#8220;0\u2033 z_index=&#8220;0\u2033 medium_visibility=&#8220;yes&#8220; medium_width=&#8220;0\u2033 mobile_visibility=&#8220;yes&#8220; mobile_width=&#8220;0\u2033 width=&#8220;1\/3\u2033 uncode_shortcode_id=&#8220;258602\u2033][\/vc_column_inner][\/vc_row_inner][\/vc_tab][vc_tab gutter_size=&#8220;2\u2033 column_padding=&#8220;2\u2033 title=&#8220;Mit Bus und Taxi&#8220; tab_id=&#8220;1750254043172-4-8\u2033 slug=&#8220;By bus and taxi&#8220;][vc_row_inner][vc_column_inner column_width_percent=&#8220;100\u2033 gutter_size=&#8220;2\u2033 style=&#8220;dark&#8220; overlay_alpha=&#8220;50\u2033 shift_x=&#8220;0\u2033 shift_y=&#8220;0\u2033 shift_y_down=&#8220;0\u2033 z_index=&#8220;0\u2033 medium_width=&#8220;0\u2033 mobile_width=&#8220;0\u2033 width=&#8220;2\/3\u2033 uncode_shortcode_id=&#8220;123271\u2033][vc_custom_heading heading_semantic=&#8220;h3\u2033 text_size=&#8220;h3\u2033 text_transform=&#8220;uppercase&#8220; uncode_shortcode_id=&#8220;600290\u2033]Mit Bus und Taxi[\/vc_custom_heading][vc_column_text uncode_shortcode_id=&#8220;738917\u2033]Um die Fu\u00dfwege auf ein Minimum zu reduzieren und den Komfort Ihrer Besucher zu maximieren, bietet jeder Eingang direkten Zugang zu den Buslinien der Stadt Luxemburg sowie zu den regionalen Linien und Taxist\u00e4nden.[\/vc_column_text][\/vc_column_inner][vc_column_inner column_width_percent=&#8220;100\u2033 gutter_size=&#8220;3\u2033 overlay_alpha=&#8220;50\u2033 shift_x=&#8220;0\u2033 shift_y=&#8220;0\u2033 shift_y_down=&#8220;0\u2033 z_index=&#8220;0\u2033 medium_visibility=&#8220;yes&#8220; medium_width=&#8220;0\u2033 mobile_visibility=&#8220;yes&#8220; mobile_width=&#8220;0\u2033 width=&#8220;1\/3\u2033 uncode_shortcode_id=&#8220;258602\u2033][\/vc_column_inner][\/vc_row_inner][\/vc_tab][vc_tab gutter_size=&#8220;2\u2033 column_padding=&#8220;2\u2033 title=&#8220;Mit dem Auto&#8220; tab_id=&#8220;1742304338-2-781742304658282\u2033 slug=&#8220;By road&#8220;][vc_row_inner][vc_column_inner column_width_percent=&#8220;100\u2033 gutter_size=&#8220;2\u2033 style=&#8220;dark&#8220; overlay_alpha=&#8220;50\u2033 shift_x=&#8220;0\u2033 shift_y=&#8220;0\u2033 shift_y_down=&#8220;0\u2033 z_index=&#8220;0\u2033 medium_width=&#8220;0\u2033 mobile_width=&#8220;0\u2033 width=&#8220;2\/3\u2033 uncode_shortcode_id=&#8220;134070\u2033][vc_custom_heading heading_semantic=&#8220;h3\u2033 text_size=&#8220;h3\u2033 text_transform=&#8220;uppercase&#8220; uncode_shortcode_id=&#8220;179124\u2033]Mit dem Auto[\/vc_custom_heading][vc_column_text uncode_shortcode_id=&#8220;268535\u2033]Nur 20 km von der franz\u00f6sischen Grenze, 30 km von der deutschen und belgischen Grenze und nur 200 m von der Autobahnausfahrt entfernt. Die LUXEXPO THE BOX bietet Ihren Besuchern \u00fcber 1.400 Parkpl\u00e4tze direkt vor den T\u00fcren Ihrer Veranstaltung, zwei Fahrradstationen und eine Fahrradverleihstation sowie spezielle Fl\u00e4chen f\u00fcr Aussteller und Organisatoren direkt vor der T\u00fcr jedes Geb\u00e4udes. Erg\u00e4nzt werden all diese Einrichtungen durch zahlreiche \u00f6ffentliche Parkpl\u00e4tze in der Umgebung.[\/vc_column_text][\/vc_column_inner][vc_column_inner column_width_percent=&#8220;100\u2033 gutter_size=&#8220;2\u2033 overlay_alpha=&#8220;50\u2033 shift_x=&#8220;0\u2033 shift_y=&#8220;0\u2033 shift_y_down=&#8220;0\u2033 z_index=&#8220;0\u2033 medium_visibility=&#8220;yes&#8220; medium_width=&#8220;0\u2033 mobile_visibility=&#8220;yes&#8220; mobile_width=&#8220;0\u2033 width=&#8220;1\/3\u2033 uncode_shortcode_id=&#8220;111939\u2033][\/vc_column_inner][\/vc_row_inner][\/vc_tab][vc_tab gutter_size=&#8220;2\u2033 column_padding=&#8220;2\u2033 title=&#8220;Mit dem Flugzeug&#8220; tab_id=&#8220;1742304485045-2-31742304658282\u2033 slug=&#8220;By air&#8220;][vc_row_inner][vc_column_inner column_width_percent=&#8220;100\u2033 gutter_size=&#8220;2\u2033 style=&#8220;dark&#8220; overlay_alpha=&#8220;50\u2033 shift_x=&#8220;0\u2033 shift_y=&#8220;0\u2033 shift_y_down=&#8220;0\u2033 z_index=&#8220;0\u2033 medium_width=&#8220;0\u2033 mobile_width=&#8220;0\u2033 width=&#8220;2\/3\u2033 uncode_shortcode_id=&#8220;166626\u2033][vc_custom_heading uncode_shortcode_id=&#8220;145692\u2033]Mit dem Flugzeug[\/vc_custom_heading][vc_column_text uncode_shortcode_id=&#8220;749142\u2033]Nur 5 km vom internationalen Flughafen Luxemburg entfernt und \u00fcber die erste Autobahnausfahrt vom Flughafen aus direkt erreichbar, ist Ihre Veranstaltung nur einen Katzensprung von den wichtigsten europ\u00e4ischen Hauptst\u00e4dten entfernt.[\/vc_column_text][\/vc_column_inner][vc_column_inner column_width_percent=&#8220;100\u2033 gutter_size=&#8220;2\u2033 overlay_alpha=&#8220;50\u2033 shift_x=&#8220;0\u2033 shift_y=&#8220;0\u2033 shift_y_down=&#8220;0\u2033 z_index=&#8220;0\u2033 medium_visibility=&#8220;yes&#8220; medium_width=&#8220;0\u2033 mobile_visibility=&#8220;yes&#8220; mobile_width=&#8220;0\u2033 width=&#8220;1\/3\u2033 uncode_shortcode_id=&#8220;111939\u2033][\/vc_column_inner][\/vc_row_inner][\/vc_tab][\/vc_tabs][vc_empty_space empty_h=&#8220;1\u2033][vc_custom_heading heading_semantic=&#8220;h4\u2033 text_size=&#8220;h4\u2033 uncode_shortcode_id=&#8220;139943\u2033]Mehr Informationen[\/vc_custom_heading][uncode_index el_id=&#8220;index-732782\u2033 index_type=&#8220;css_grid&#8220; loop=&#8220;size:8|order_by:date|post_type:page|by_id:30,28,26,24,22,20,18,444|taxonomy_count:10\u2033 screen_lg_items=&#8220;3\u2033 screen_lg_breakpoint=&#8220;1000\u2033 screen_md_items=&#8220;2\u2033 screen_md_breakpoint=&#8220;780\u2033 screen_sm_items=&#8220;1\u2033 screen_sm_breakpoint=&#8220;570\u2033 gutter_size=&#8220;3\u2033 post_items=&#8220;media|featured|onpost|original,title&#8220; single_text=&#8220;lateral&#8220; single_image_size=&#8220;3\u2033 single_overlay_opacity=&#8220;1\u2033 single_padding=&#8220;2\u2033 custom_order=&#8220;yes&#8220; no_double_tap=&#8220;yes&#8220; uncode_shortcode_id=&#8220;124527\u2033 el_class=&#8220;postblock postblockinfo postblockinfohome&#8220; order_ids=&#8220;104,114,106,30,112,110,108,116\u2033][\/vc_column][\/vc_row][vc_row row_height_percent=&#8220;0\u2033 overlay_alpha=&#8220;50\u2033 gutter_size=&#8220;3\u2033 column_width_percent=&#8220;100\u2033 shift_y=&#8220;0\u2033 z_index=&#8220;0\u2033 desktop_visibility=&#8220;yes&#8220; medium_visibility=&#8220;yes&#8220; mobile_visibility=&#8220;yes&#8220; content_parallax=&#8220;0\u2033 uncode_shortcode_id=&#8220;143910\u2033][vc_column width=&#8220;1\/1\u2033][vc_custom_heading uncode_shortcode_id=&#8220;146822\u2033]hidden[\/vc_custom_heading][\/vc_column][\/vc_row][vc_row][vc_column width=&#8220;1\/1\u2033][uncode_block id=&#8220;917\u2033][\/vc_column][\/vc_row]<\/p>\n<\/div>","protected":false},"excerpt":{"rendered":"<p>[vc_row row_height_percent=&#8220;0\u2033 override_padding=&#8220;yes&#8220; h_padding=&#8220;2\u2033 top_padding=&#8220;2\u2033 bottom_padding=&#8220;7\u2033 back_color=&#8220;color-vyce&#8220; overlay_alpha=&#8220;50\u2033 gutter_size=&#8220;3\u2033 column_width_percent=&#8220;100\u2033 shift_y=&#8220;0\u2033 z_index=&#8220;0\u2033 content_parallax=&#8220;0\u2033 uncode_shortcode_id=&#8220;155893\u2033 back_color_type=&#8220;uncode-palette&#8220;][vc_column column_width_percent=&#8220;100\u2033 gutter_size=&#8220;2\u2033 style=&#8220;dark&#8220; overlay_alpha=&#8220;50\u2033 shift_x=&#8220;0\u2033 [&hellip;]<\/p>\n","protected":false},"author":4,"featured_media":1621,"parent":0,"menu_order":0,"comment_status":"closed","ping_status":"closed","template":"","meta":{"footnotes":""},"class_list":["post-971","page","type-page","status-publish","has-post-thumbnail","hentry"],"_links":{"self":[{"href":"https:\/\/comiccon.lu\/de\/wp-json\/wp\/v2\/pages\/971","targetHints":{"allow":["GET"]}}],"collection":[{"href":"https:\/\/comiccon.lu\/de\/wp-json\/wp\/v2\/pages"}],"about":[{"href":"https:\/\/comiccon.lu\/de\/wp-json\/wp\/v2\/types\/page"}],"author":[{"embeddable":true,"href":"https:\/\/comiccon.lu\/de\/wp-json\/wp\/v2\/users\/4"}],"replies":[{"embeddable":true,"href":"https:\/\/comiccon.lu\/de\/wp-json\/wp\/v2\/comments?post=971"}],"version-history":[{"count":3,"href":"https:\/\/comiccon.lu\/de\/wp-json\/wp\/v2\/pages\/971\/revisions"}],"predecessor-version":[{"id":1624,"href":"https:\/\/comiccon.lu\/de\/wp-json\/wp\/v2\/pages\/971\/revisions\/1624"}],"wp:featuredmedia":[{"embeddable":true,"href":"https:\/\/comiccon.lu\/de\/wp-json\/wp\/v2\/media\/1621"}],"wp:attachment":[{"href":"https:\/\/comiccon.lu\/de\/wp-json\/wp\/v2\/media?parent=971"}],"curies":[{"name":"wp","href":"https:\/\/api.w.org\/{rel}","templated":true}]}}