{"id":722,"date":"2025-03-13T16:17:49","date_gmt":"2025-03-13T15:17:49","guid":{"rendered":"https:\/\/comiccon.lu\/bientot-disponible\/"},"modified":"2025-06-18T15:59:13","modified_gmt":"2025-06-18T14:59:13","slug":"bientot-disponible","status":"publish","type":"page","link":"https:\/\/comiccon.lu\/fr\/bientot-disponible\/","title":{"rendered":"Bient\u00f4t disponible"},"content":{"rendered":"<div class=\"wpb-content-wrapper\"><p>[vc_row row_height_percent=\u00a0\u00bb80&Prime; back_image=\u00a0\u00bb93&Prime; back_position=\u00a0\u00bbcenter center\u00a0\u00bb parallax=\u00a0\u00bbyes\u00a0\u00bb overlay_alpha=\u00a0\u00bb25&Prime; gutter_size=\u00a0\u00bb3&Prime; column_width_percent=\u00a0\u00bb100&Prime; shift_y=\u00a0\u00bb0&Prime; z_index=\u00a0\u00bb0&Prime; enable_bottom_divider=\u00a0\u00bbdefault\u00a0\u00bb shape_bottom_invert=\u00a0\u00bbyes\u00a0\u00bb shape_bottom_h_use_pixel=\u00a0\u00bb\u00a0\u00bb shape_bottom_height=\u00a0\u00bb100&Prime; shape_bottom_color=\u00a0\u00bbcolor-vyce\u00a0\u00bb shape_bottom_opacity=\u00a0\u00bb100&Prime; shape_bottom_index=\u00a0\u00bb0&Prime; content_parallax=\u00a0\u00bb0&Prime; uncode_shortcode_id=\u00a0\u00bb152436&Prime; el_class=\u00a0\u00bbhomefold\u00a0\u00bb row_height_pixel=\u00a0\u00bb540&Prime; shape_bottom_color_type=\u00a0\u00bbuncode-palette\u00a0\u00bb][vc_column column_width_percent=\u00a0\u00bb100&Prime; position_vertical=\u00a0\u00bbmiddle\u00a0\u00bb align_horizontal=\u00a0\u00bbalign_center\u00a0\u00bb gutter_size=\u00a0\u00bb2&Prime; style=\u00a0\u00bbdark\u00a0\u00bb overlay_alpha=\u00a0\u00bb50&Prime; shift_x=\u00a0\u00bb0&Prime; shift_y=\u00a0\u00bb0&Prime; shift_y_down=\u00a0\u00bb0&Prime; z_index=\u00a0\u00bb0&Prime; medium_width=\u00a0\u00bb0&Prime; mobile_width=\u00a0\u00bb0&Prime; width=\u00a0\u00bb1\/1&Prime; uncode_shortcode_id=\u00a0\u00bb177154&Prime;][vc_single_image media=\u00a0\u00bb91&Prime; media_width_use_pixel=\u00a0\u00bbyes\u00a0\u00bb alignment=\u00a0\u00bbcenter\u00a0\u00bb css_animation=\u00a0\u00bbzoom-in\u00a0\u00bb uncode_shortcode_id=\u00a0\u00bb186648&Prime; media_width_pixel=\u00a0\u00bb400&Prime;][vc_custom_heading heading_semantic=\u00a0\u00bbh1&Prime; text_size=\u00a0\u00bbh1&Prime; uncode_shortcode_id=\u00a0\u00bb879461&Prime;]<em>29 et 30 novembre<\/em>[\/vc_custom_heading][vc_custom_heading text_size=\u00a0\u00bbh3&Prime; uncode_shortcode_id=\u00a0\u00bb421622&Prime;]<em>Luxexpo &#8211; Luxembourg<\/em>[\/vc_custom_heading][vc_button button_color=\u00a0\u00bbcolor-141378&Prime; border_width=\u00a0\u00bb0&Prime; button_color_type=\u00a0\u00bbuncode-palette\u00a0\u00bb uncode_shortcode_id=\u00a0\u00bb189594&Prime; link=\u00a0\u00bburl:https%3A%2F%2Fcomiccon.lu%2Ffr%2Fbillets%2F|title:Billets|\u00a0\u00bb]Billets[\/vc_button][vc_empty_space empty_h=\u00a0\u00bb4&Prime;][\/vc_column][\/vc_row][vc_row row_height_percent=\u00a0\u00bb0&Prime; back_color=\u00a0\u00bbcolor-vyce\u00a0\u00bb overlay_alpha=\u00a0\u00bb50&Prime; gutter_size=\u00a0\u00bb3&Prime; column_width_percent=\u00a0\u00bb100&Prime; shift_y=\u00a0\u00bb-4&Prime; z_index=\u00a0\u00bb0&Prime; content_parallax=\u00a0\u00bb0&Prime; el_class=\u00a0\u00bbhomecounters countdownv2&Prime; uncode_shortcode_id=\u00a0\u00bb392890&Prime; back_color_type=\u00a0\u00bbuncode-palette\u00a0\u00bb][vc_column width=\u00a0\u00bb1\/1&Prime;]\n<div class=\"eski-countdown__container\" data-countdown-date=\"2025-11-29T10:00:00\">\n\n    <div class=\"eski-countdown__block\" data-countdown-name=\"days\">\n        <div class=\"eski-countdown__numbers\"><\/div>\n        <p class=\"eski-countdown__text\">jours<\/p>\n    <\/div>\n\n    <div class=\"eski-countdown__block\" data-countdown-name=\"hours\">\n        <div class=\"eski-countdown__numbers\"><\/div>\n        <p class=\"eski-countdown__text\">heures<\/p>\n    <\/div>\n\n    <div class=\"eski-countdown__block\" data-countdown-name=\"minutes\">\n        <div class=\"eski-countdown__numbers\"><\/div>\n        <p class=\"eski-countdown__text\">minutes<\/p>\n    <\/div>\n\n    <div class=\"eski-countdown__block\" data-countdown-name=\"seconds\">\n        <div class=\"eski-countdown__numbers\"><\/div>\n        <p class=\"eski-countdown__text\">secondes<\/p>\n    <\/div>\n\n<\/div>\n\n[\/vc_column][\/vc_row][vc_row row_height_percent=\u00a0\u00bb0&Prime; override_padding=\u00a0\u00bbyes\u00a0\u00bb h_padding=\u00a0\u00bb2&Prime; top_padding=\u00a0\u00bb3&Prime; bottom_padding=\u00a0\u00bb2&Prime; back_color=\u00a0\u00bbcolor-vyce\u00a0\u00bb overlay_alpha=\u00a0\u00bb50&Prime; gutter_size=\u00a0\u00bb3&Prime; column_width_percent=\u00a0\u00bb100&Prime; shift_y=\u00a0\u00bb0&Prime; z_index=\u00a0\u00bb0&Prime; content_parallax=\u00a0\u00bb0&Prime; uncode_shortcode_id=\u00a0\u00bb144388&Prime; back_color_type=\u00a0\u00bbuncode-palette\u00a0\u00bb el_class=\u00a0\u00bbhomeinfo\u00a0\u00bb][vc_column column_width_percent=\u00a0\u00bb100&Prime; position_vertical=\u00a0\u00bbmiddle\u00a0\u00bb gutter_size=\u00a0\u00bb2&Prime; style=\u00a0\u00bbdark\u00a0\u00bb overlay_alpha=\u00a0\u00bb50&Prime; shift_x=\u00a0\u00bb0&Prime; shift_y=\u00a0\u00bb0&Prime; shift_y_down=\u00a0\u00bb0&Prime; z_index=\u00a0\u00bb0&Prime; medium_width=\u00a0\u00bb0&Prime; mobile_width=\u00a0\u00bb0&Prime; width=\u00a0\u00bb1\/3&Prime; uncode_shortcode_id=\u00a0\u00bb415457&Prime;][vc_custom_heading uncode_shortcode_id=\u00a0\u00bb810016&Prime;]Information[\/vc_custom_heading][vc_column_text uncode_shortcode_id=\u00a0\u00bb191710&Prime;]Comic Con Luxembourg est l&rsquo;\u00e9v\u00e9nement au Luxembourg pour tous les v\u00e9ritables amateurs et passionn\u00e9s de Bandes Dessin\u00e9es, Manga, Cosplay, Jeux Vid\u00e9o, Films, S\u00e9ries, Science-Fiction, Fantasy et bien plus encore.<\/p>\n<p>\u00c9vadez-vous dans un monde magique, l&rsquo;exp\u00e9rience Geek ultime avec des invit\u00e9s c\u00e9l\u00e8bres de renomm\u00e9e mondiale \u00e0 rencontrer et un immense March\u00e9 Geek \u00e0 visiter.<\/p>\n<p>Mais aussi des ateliers fascinants, des s\u00e9ances de questions-r\u00e9ponses et des conf\u00e9rences, sans oublier la possibilit\u00e9 de jouer \u00e0 des jeux et de profiter des nombreux concours et spectacles.<\/p>\n<p>Par-dessus tout, c&rsquo;est le moment id\u00e9al pour se faire des amis et passer une journ\u00e9e agr\u00e9able avec d&rsquo;autres passionn\u00e9s.<\/p>\n<p>Allez Luxembourg, Lib\u00e9rez votre C\u00f4t\u00e9 Geek ![\/vc_column_text][\/vc_column][vc_column width=\u00a0\u00bb2\/3&Prime;][vc_single_image media=\u00a0\u00bb383&Prime; media_width_percent=\u00a0\u00bb100&Prime; uncode_shortcode_id=\u00a0\u00bb202070&Prime;][\/vc_column][\/vc_row]<\/p>\n<\/div>","protected":false},"excerpt":{"rendered":"<p>[vc_row row_height_percent=\u00a0\u00bb80&Prime; back_image=\u00a0\u00bb93&Prime; back_position=\u00a0\u00bbcenter center\u00a0\u00bb parallax=\u00a0\u00bbyes\u00a0\u00bb overlay_alpha=\u00a0\u00bb25&Prime; gutter_size=\u00a0\u00bb3&Prime; column_width_percent=\u00a0\u00bb100&Prime; shift_y=\u00a0\u00bb0&Prime; z_index=\u00a0\u00bb0&Prime; enable_bottom_divider=\u00a0\u00bbdefault\u00a0\u00bb shape_bottom_invert=\u00a0\u00bbyes\u00a0\u00bb shape_bottom_h_use_pixel=\u00a0\u00bb\u00a0\u00bb shape_bottom_height=\u00a0\u00bb100&Prime; shape_bottom_color=\u00a0\u00bbcolor-vyce\u00a0\u00bb shape_bottom_opacity=\u00a0\u00bb100&Prime; shape_bottom_index=\u00a0\u00bb0&Prime; content_parallax=\u00a0\u00bb0&Prime; uncode_shortcode_id=\u00a0\u00bb152436&Prime; [&hellip;]<\/p>\n","protected":false},"author":1,"featured_media":0,"parent":0,"menu_order":0,"comment_status":"closed","ping_status":"closed","template":"","meta":{"footnotes":""},"class_list":["post-722","page","type-page","status-publish","hentry"],"_links":{"self":[{"href":"https:\/\/comiccon.lu\/fr\/wp-json\/wp\/v2\/pages\/722","targetHints":{"allow":["GET"]}}],"collection":[{"href":"https:\/\/comiccon.lu\/fr\/wp-json\/wp\/v2\/pages"}],"about":[{"href":"https:\/\/comiccon.lu\/fr\/wp-json\/wp\/v2\/types\/page"}],"author":[{"embeddable":true,"href":"https:\/\/comiccon.lu\/fr\/wp-json\/wp\/v2\/users\/1"}],"replies":[{"embeddable":true,"href":"https:\/\/comiccon.lu\/fr\/wp-json\/wp\/v2\/comments?post=722"}],"version-history":[{"count":4,"href":"https:\/\/comiccon.lu\/fr\/wp-json\/wp\/v2\/pages\/722\/revisions"}],"predecessor-version":[{"id":798,"href":"https:\/\/comiccon.lu\/fr\/wp-json\/wp\/v2\/pages\/722\/revisions\/798"}],"wp:attachment":[{"href":"https:\/\/comiccon.lu\/fr\/wp-json\/wp\/v2\/media?parent=722"}],"curies":[{"name":"wp","href":"https:\/\/api.w.org\/{rel}","templated":true}]}}